{"version":"1.0","provider_name":"","provider_url":"https:\/\/www.danishculture.com\/da\/","title":"\u00c5ben Skole projekt: B\u00e6redygtigt design med fokus p\u00e5 klima\u00e6ndringer p\u00e5 tv\u00e6rs af kloden","type":"rich","width":600,"height":338,"html":"<blockquote class=\"wp-embedded-content\" data-secret=\"0VJ57oIkqj\"><a href=\"https:\/\/www.danishculture.com\/da\/blog\/2017\/06\/07\/aaben-skole-projekt\/\">\u00c5ben Skole projekt: B\u00e6redygtigt design med fokus p\u00e5 klima\u00e6ndringer p\u00e5 tv\u00e6rs af kloden<\/a><\/blockquote><iframe sandbox=\"allow-scripts\" security=\"restricted\" src=\"https:\/\/www.danishculture.com\/da\/blog\/2017\/06\/07\/aaben-skole-projekt\/embed\/#?secret=0VJ57oIkqj\" width=\"600\" height=\"338\" title=\"&#8220;\u00c5ben Skole projekt: B\u00e6redygtigt design med fokus p\u00e5 klima\u00e6ndringer p\u00e5 tv\u00e6rs af kloden&#8221; &#8212; \" data-secret=\"0VJ57oIkqj\" frameborder=\"0\" marginwidth=\"0\" marginheight=\"0\" scrolling=\"no\" class=\"wp-embedded-content\"><\/iframe><script type=\"text\/javascript\">\n\/* <![CDATA[ *\/\n\/*! This file is auto-generated *\/\n!function(d,l){\"use strict\";l.querySelector&&d.addEventListener&&\"undefined\"!=typeof URL&&(d.wp=d.wp||{},d.wp.receiveEmbedMessage||(d.wp.receiveEmbedMessage=function(e){var t=e.data;if((t||t.secret||t.message||t.value)&&!\/[^a-zA-Z0-9]\/.test(t.secret)){for(var s,r,n,a=l.querySelectorAll('iframe[data-secret=\"'+t.secret+'\"]'),o=l.querySelectorAll('blockquote[data-secret=\"'+t.secret+'\"]'),c=new RegExp(\"^https?:$\",\"i\"),i=0;i<o.length;i++)o[i].style.display=\"none\";for(i=0;i<a.length;i++)s=a[i],e.source===s.contentWindow&&(s.removeAttribute(\"style\"),\"height\"===t.message?(1e3<(r=parseInt(t.value,10))?r=1e3:~~r<200&&(r=200),s.height=r):\"link\"===t.message&&(r=new URL(s.getAttribute(\"src\")),n=new URL(t.value),c.test(n.protocol))&&n.host===r.host&&l.activeElement===s&&(d.top.location.href=t.value))}},d.addEventListener(\"message\",d.wp.receiveEmbedMessage,!1),l.addEventListener(\"DOMContentLoaded\",function(){for(var e,t,s=l.querySelectorAll(\"iframe.wp-embedded-content\"),r=0;r<s.length;r++)(t=(e=s[r]).getAttribute(\"data-secret\"))||(t=Math.random().toString(36).substring(2,12),e.src+=\"#?secret=\"+t,e.setAttribute(\"data-secret\",t)),e.contentWindow.postMessage({message:\"ready\",secret:t},\"*\")},!1)))}(window,document);\n\/* ]]> *\/\n<\/script>\n","description":"Klima\u00e6ndringer giver vandkriser nord og syd for \u00e6kvator. For lidt og for meget vand er et problem. Vi gennemg\u00e5r designprocesser og arbejder p\u00e5 l\u00f8sninger sammen med to g\u00e6steundervisere fra Cape Town."}